{"id":376,"date":"2018-12-07T16:26:58","date_gmt":"2018-12-07T18:26:58","guid":{"rendered":"http:\/\/premioledamariamartins.com\/?post_type=portfolio&#038;p=376"},"modified":"2018-12-07T16:26:58","modified_gmt":"2018-12-07T18:26:58","slug":"canudos-sertao-da-bahia-1897","status":"publish","type":"portfolio","link":"https:\/\/premioledamariamartins.com\/index.php\/portfolio\/canudos-sertao-da-bahia-1897\/","title":{"rendered":"Canudos, Sert\u00e3o da Bahia, 1897"},"content":{"rendered":"<p style=\"text-align: justify;\"><strong>Estilo:\u00a0<\/strong>Longa dura\u00e7\u00e3o<\/p>\n<hr \/>\n<p style=\"text-align: justify;\"><strong>Sinopse:\u00a0<\/strong>document\u00e1rio-show. A m\u00fasica \u201cAnt\u00f4nio Conselheiro\u201d e as quadras sobre a guerra \u2013 adaptadas pelos autores pelos autores da trilha sonora \u2013 pertencem \u00e0 tradi\u00e7\u00e3o oral nordestina.<\/p>\n<p>\u201cAl\u00e9m disso, continuou o cego, a Hist\u00f3ria feita por papeis<\/p>\n<p>Deixa passar tudo aquilo que n\u00e3o se botou no papel,<\/p>\n<p>E s\u00f3 se bota no papel aquilo que interessa\u201d. Jo\u00e3o Ubaldo Ribeiro<\/p>\n<hr \/>\n<p style=\"text-align: justify;\"><strong>Ficha T\u00e9cnica:\u00a0<\/strong>Adyr Assump\u00e7\u00e3o: voz e dire\u00e7\u00e3o c\u00eanica. Gilvan Oliveira: voz, viol\u00e3o e trilha sonora.\u00a0 e Ricardo Aleixo: voz roteiro, trilha sonora e produ\u00e7\u00e3o executiva. Textos de Euclides da Cunha, Ant\u00f4nio Conselheiro, D\u00e9cio Pignarati, Sebasti\u00e3o Nunes, Cruz e Sousa, Murilo Mendes e Ricardo Aleixo. Cen\u00e1rio: Matuto da Silva. Agradecimentos a Augusto de Campos, Bernardo Brant, Concei\u00e7\u00e3o Santos, F\u00e1tima Brito, grupo da 3\u00aa idade do Alto Vera Cruz, Hamilton Broges, Irene Ernest Dias, Livraria Scriptum, Luis Carlos Mel\u00e3o, Roque Soares, Sandra Meira Santos e todos os que sabem.<\/p>\n<hr \/>\n<p style=\"text-align: justify;\"><strong>Foto:\u00a0<\/strong>Arquivo pessoal Adyr D\u2019Assump\u00e7\u00e3o. Imagem\/Divulga\u00e7\u00e3o<\/p>\n","protected":false},"excerpt":{"rendered":"<p>Estilo:\u00a0Longa dura\u00e7\u00e3o Sinopse:\u00a0document\u00e1rio-show. A m\u00fasica \u201cAnt\u00f4nio Conselheiro\u201d e as quadras sobre a guerra \u2013 adaptadas pelos autores pelos autores da trilha sonora \u2013 pertencem \u00e0 tradi\u00e7\u00e3o oral nordestina. \u201cAl\u00e9m disso, continuou o cego, a Hist\u00f3ria feita por papeis Deixa passar tudo aquilo que n\u00e3o se botou no papel, E s\u00f3 se bota no papel aquilo [&hellip;]<\/p>\n","protected":false},"featured_media":377,"comment_status":"closed","ping_status":"closed","template":"","portfolio_cat":[21],"portfolio_skill":[],"class_list":["post-376","portfolio","type-portfolio","status-publish","has-post-thumbnail","hentry","portfolio_cat-21"],"_links":{"self":[{"href":"https:\/\/premioledamariamartins.com\/index.php\/wp-json\/wp\/v2\/portfolio\/376","targetHints":{"allow":["GET"]}}],"collection":[{"href":"https:\/\/premioledamariamartins.com\/index.php\/wp-json\/wp\/v2\/portfolio"}],"about":[{"href":"https:\/\/premioledamariamartins.com\/index.php\/wp-json\/wp\/v2\/types\/portfolio"}],"replies":[{"embeddable":true,"href":"https:\/\/premioledamariamartins.com\/index.php\/wp-json\/wp\/v2\/comments?post=376"}],"version-history":[{"count":1,"href":"https:\/\/premioledamariamartins.com\/index.php\/wp-json\/wp\/v2\/portfolio\/376\/revisions"}],"predecessor-version":[{"id":378,"href":"https:\/\/premioledamariamartins.com\/index.php\/wp-json\/wp\/v2\/portfolio\/376\/revisions\/378"}],"wp:featuredmedia":[{"embeddable":true,"href":"https:\/\/premioledamariamartins.com\/index.php\/wp-json\/wp\/v2\/media\/377"}],"wp:attachment":[{"href":"https:\/\/premioledamariamartins.com\/index.php\/wp-json\/wp\/v2\/media?parent=376"}],"wp:term":[{"taxonomy":"portfolio_cat","embeddable":true,"href":"https:\/\/premioledamariamartins.com\/index.php\/wp-json\/wp\/v2\/portfolio_cat?post=376"},{"taxonomy":"portfolio_skill","embeddable":true,"href":"https:\/\/premioledamariamartins.com\/index.php\/wp-json\/wp\/v2\/portfolio_skill?post=376"}],"curies":[{"name":"wp","href":"https:\/\/api.w.org\/{rel}","templated":true}]}}