{"id":641,"date":"2018-12-08T12:08:47","date_gmt":"2018-12-08T14:08:47","guid":{"rendered":"http:\/\/premioledamariamartins.com\/?post_type=portfolio&#038;p=641"},"modified":"2018-12-08T12:08:47","modified_gmt":"2018-12-08T14:08:47","slug":"desconcerto-grosso-poemas-de-gregorio-de-matos","status":"publish","type":"portfolio","link":"https:\/\/premioledamariamartins.com\/index.php\/portfolio\/desconcerto-grosso-poemas-de-gregorio-de-matos\/","title":{"rendered":"Desconcerto Grosso, Poemas de Greg\u00f3rio de Matos"},"content":{"rendered":"<p style=\"text-align: justify;\"><strong>Estilo:\u00a0<\/strong>Longa dura\u00e7\u00e3o<\/p>\n<hr \/>\n<p style=\"text-align: justify;\"><strong>Sinopse:\u00a0<\/strong>O t\u00edtulo \u201cDesconcerto Grosso\u201d alude ao concerto grosso, forma barroca em que h\u00e1 mais de um solista, e \u00e0 ideia \u2013 t\u00edpica do pessimismo barroco \u2013 do mundo como um desconcerto. (Grosso, no contexto gregoriano, refere-se \u00e0 grossura mesmo). A parte musical conta tamb\u00e9m com \u201cTriste Bahia\u201d (adaptada por Caetano Veloso), \u201cYes, N\u00f3s Temos Bananas\u201d em estilo barroco, o poema \u201cNoche de ronda\u201d (de Riserio), e um trecho de um serm\u00e3o do padre Antonio Vieira musicado por Ricardo Aleixo. N\u00e3o se trata de uma apresenta\u00e7\u00e3o convencional. As vozes s\u00e3o tratadas como instrumentos aptos a devolver ao plano sonoro textos criados por um poeta-cantor que se acompanhava \u00e0 viola de arame.<\/p>\n<hr \/>\n<p style=\"text-align: justify;\"><strong>Ficha T\u00e9cnica:\u00a0<\/strong>Ricardo Aleixo: concep\u00e7\u00e3o, composi\u00e7\u00e3o e voz. Adyr D\u2019Assump\u00e7\u00e3o: dire\u00e7\u00e3o art\u00edstica e voz. Alvimar Nunes: dire\u00e7\u00e3o musical e viol\u00e3o. Eros Fresic: percuss\u00e3o.<\/p>\n<hr \/>\n<p style=\"text-align: justify;\"><strong>Foto:\u00a0<\/strong>Arquivo pessoal Adyr D\u2019Assump\u00e7\u00e3o. Divulga\u00e7\u00e3o<\/p>\n","protected":false},"excerpt":{"rendered":"<p>Estilo:\u00a0Longa dura\u00e7\u00e3o Sinopse:\u00a0O t\u00edtulo \u201cDesconcerto Grosso\u201d alude ao concerto grosso, forma barroca em que h\u00e1 mais de um solista, e \u00e0 ideia \u2013 t\u00edpica do pessimismo barroco \u2013 do mundo como um desconcerto. (Grosso, no contexto gregoriano, refere-se \u00e0 grossura mesmo). A parte musical conta tamb\u00e9m com \u201cTriste Bahia\u201d (adaptada por Caetano Veloso), \u201cYes, N\u00f3s [&hellip;]<\/p>\n","protected":false},"featured_media":642,"comment_status":"open","ping_status":"closed","template":"","portfolio_cat":[28],"portfolio_skill":[],"class_list":["post-641","portfolio","type-portfolio","status-publish","has-post-thumbnail","hentry","portfolio_cat-28"],"_links":{"self":[{"href":"https:\/\/premioledamariamartins.com\/index.php\/wp-json\/wp\/v2\/portfolio\/641","targetHints":{"allow":["GET"]}}],"collection":[{"href":"https:\/\/premioledamariamartins.com\/index.php\/wp-json\/wp\/v2\/portfolio"}],"about":[{"href":"https:\/\/premioledamariamartins.com\/index.php\/wp-json\/wp\/v2\/types\/portfolio"}],"replies":[{"embeddable":true,"href":"https:\/\/premioledamariamartins.com\/index.php\/wp-json\/wp\/v2\/comments?post=641"}],"version-history":[{"count":1,"href":"https:\/\/premioledamariamartins.com\/index.php\/wp-json\/wp\/v2\/portfolio\/641\/revisions"}],"predecessor-version":[{"id":643,"href":"https:\/\/premioledamariamartins.com\/index.php\/wp-json\/wp\/v2\/portfolio\/641\/revisions\/643"}],"wp:featuredmedia":[{"embeddable":true,"href":"https:\/\/premioledamariamartins.com\/index.php\/wp-json\/wp\/v2\/media\/642"}],"wp:attachment":[{"href":"https:\/\/premioledamariamartins.com\/index.php\/wp-json\/wp\/v2\/media?parent=641"}],"wp:term":[{"taxonomy":"portfolio_cat","embeddable":true,"href":"https:\/\/premioledamariamartins.com\/index.php\/wp-json\/wp\/v2\/portfolio_cat?post=641"},{"taxonomy":"portfolio_skill","embeddable":true,"href":"https:\/\/premioledamariamartins.com\/index.php\/wp-json\/wp\/v2\/portfolio_skill?post=641"}],"curies":[{"name":"wp","href":"https:\/\/api.w.org\/{rel}","templated":true}]}}